{"id":998,"date":"2025-03-26T14:52:00","date_gmt":"2025-03-26T13:52:00","guid":{"rendered":"https:\/\/bumacogroup.mailbox-marketing10.be\/vacature\/electrico-werft-aan-elektricien\/"},"modified":"2026-04-01T15:10:44","modified_gmt":"2026-04-01T13:10:44","slug":"electrico-recrute-un-electricien","status":"publish","type":"job","link":"https:\/\/www.bumacogroup.be\/fr\/job\/electrico-werft-aan-elektricien\/","title":{"rendered":"\u00c9lectricien"},"content":{"rendered":"<p><\/p>\n\n\n\n<p>Le Groupe Bumaco est en pleine croissance, c'est pourquoi nous recherchons un \u00e9lectricien industriel pour notre d\u00e9partement Electrico. Il s'agit d'un partenaire complet pour tout ce qui concerne les travaux \u00e9lectriques, la s\u00e9curit\u00e9 \u00e9lectronique et les syst\u00e8mes de gestion des b\u00e2timents.<\/p>\n\n\n\n<p>Electrico recherche un \u00e9lectricien industriel pour rejoindre son \u00e9quipe.<\/p>\n\n\n\n<p>Vous jouez un r\u00f4le crucial dans l'installation et la maintenance de divers syst\u00e8mes \u00e9lectriques, de s\u00e9curit\u00e9 \u00e9lectronique et de gestion des b\u00e2timents. Gr\u00e2ce \u00e0 votre expertise, vous nous aidez \u00e0 mener \u00e0 bien les projets et \u00e0 satisfaire nos clients.<\/p>\n\n\n\n<h2 class=\"wp-block-heading\"><strong>Vos t\u00e2ches sont vari\u00e9es :<\/strong><\/h2>\n\n\n\n<ul class=\"wp-block-list\">\n<li>Installer et raccorder des syst\u00e8mes \u00e9lectriques dans des b\u00e2timents industriels et commerciaux.<\/li>\n\n\n\n<li>Travailler sur des syst\u00e8mes de s\u00e9curit\u00e9 \u00e9lectronique, tels que des syst\u00e8mes d'alarme et de contr\u00f4le d'acc\u00e8s.<\/li>\n\n\n\n<li>Installer et entretenir des syst\u00e8mes de gestion des b\u00e2timents.<\/li>\n\n\n\n<li>Analyser et r\u00e9soudre les probl\u00e8mes techniques des installations.<\/li>\n\n\n\n<li>Collaborer avec les coll\u00e8gues pour mener \u00e0 bien les projets de mani\u00e8re efficace et dans les d\u00e9lais impartis.<\/li>\n<\/ul>\n\n\n\n<h2 class=\"wp-block-heading\"><strong>Vous vous reconnaissez l\u00e0-dedans :<\/strong><\/h2>\n\n\n\n<ul class=\"wp-block-list\">\n<li>Vous \u00eates titulaire d'un dipl\u00f4me en \u00e9lectrotechnique ou poss\u00e9dez une exp\u00e9rience pertinente en tant qu'\u00e9lectricien industriel.<\/li>\n\n\n\n<li>Vous avez des connaissances en mati\u00e8re d'installations \u00e9lectriques, de syst\u00e8mes de s\u00e9curit\u00e9 et de syst\u00e8mes de gestion des b\u00e2timents.<\/li>\n\n\n\n<li>Vous travaillez de mani\u00e8re autonome, avec pr\u00e9cision et dans un souci de s\u00e9curit\u00e9.<\/li>\n\n\n\n<li>Vous \u00eates flexible et dispos\u00e9 \u00e0 travailler dans diff\u00e9rents endroits.<\/li>\n\n\n\n<li>Vous \u00eates un conducteur prudent B.<\/li>\n<\/ul>\n\n\n\n<h2 class=\"wp-block-heading\"><strong>Que proposons-nous ?<\/strong><\/h2>\n\n\n\n<ul class=\"wp-block-list\">\n<li>Un poste stimulant et tr\u00e8s vari\u00e9.<\/li>\n\n\n\n<li>Un salaire attractif, assorti d'avantages int\u00e9ressants.<\/li>\n\n\n\n<li>La possibilit\u00e9 de travailler sur des projets innovants et de se perfectionner.<\/li>\n\n\n\n<li>Un environnement de travail agr\u00e9able avec une \u00e9quipe enthousiaste.<\/li>\n\n\n\n<li>Des outils et des \u00e9quipements modernes pour travailler au mieux.<\/li>\n<\/ul>","protected":false},"featured_media":6112,"template":"","bedrijfsnaam":[78],"type-contract":[],"provincie":[40],"segmentering":[48],"type-vacature":[24],"class_list":["post-998","job","type-job","status-publish","has-post-thumbnail","hentry","bedrijfsnaam-electrico","provincie-vlaams-brabant","segmentering-techniek","type-vacature-electrico"],"_links":{"self":[{"href":"https:\/\/www.bumacogroup.be\/fr\/wp-json\/wp\/v2\/job\/998","targetHints":{"allow":["GET"]}}],"collection":[{"href":"https:\/\/www.bumacogroup.be\/fr\/wp-json\/wp\/v2\/job"}],"about":[{"href":"https:\/\/www.bumacogroup.be\/fr\/wp-json\/wp\/v2\/types\/job"}],"wp:featuredmedia":[{"embeddable":true,"href":"https:\/\/www.bumacogroup.be\/fr\/wp-json\/wp\/v2\/media\/6112"}],"wp:attachment":[{"href":"https:\/\/www.bumacogroup.be\/fr\/wp-json\/wp\/v2\/media?parent=998"}],"wp:term":[{"taxonomy":"bedrijfsnaam","embeddable":true,"href":"https:\/\/www.bumacogroup.be\/fr\/wp-json\/wp\/v2\/bedrijfsnaam?post=998"},{"taxonomy":"type-contract","embeddable":true,"href":"https:\/\/www.bumacogroup.be\/fr\/wp-json\/wp\/v2\/type-contract?post=998"},{"taxonomy":"provincie","embeddable":true,"href":"https:\/\/www.bumacogroup.be\/fr\/wp-json\/wp\/v2\/provincie?post=998"},{"taxonomy":"segmentering","embeddable":true,"href":"https:\/\/www.bumacogroup.be\/fr\/wp-json\/wp\/v2\/segmentering?post=998"},{"taxonomy":"type-vacature","embeddable":true,"href":"https:\/\/www.bumacogroup.be\/fr\/wp-json\/wp\/v2\/type-vacature?post=998"}],"curies":[{"name":"wp","href":"https:\/\/api.w.org\/{rel}","templated":true}]}}