{"id":7962,"date":"2026-04-29T12:51:47","date_gmt":"2026-04-29T10:51:47","guid":{"rendered":"https:\/\/www.bumacogroup.be\/?post_type=job&#038;p=7962"},"modified":"2026-04-29T13:03:37","modified_gmt":"2026-04-29T11:03:37","slug":"employe-de-commerce","status":"publish","type":"job","link":"https:\/\/www.bumacogroup.be\/fr\/job\/commercieel-medewerker\/","title":{"rendered":"Employ\u00e9 de commerce"},"content":{"rendered":"<h2 class=\"wp-block-heading\"><strong>Description de l'emploi<\/strong><\/h2>\n\n\n\n<p>Le groupe Bumaco est en pleine croissance. C'est pourquoi nous recherchons pour notre site de Rotselaar un coll\u00e8gue communicatif qui rejoindra l'\u00e9quipe Service-After-Sales de Bumaco.<\/p>\n\n\n\n<p>Notre d\u00e9partement est le plus important du groupe Bumaco et le nombre de clients satisfaits ne cesse de cro\u00eetre. Pour rejoindre notre \u00e9quipe, nous recherchons un collaborateur enthousiaste qui aime le contact t\u00e9l\u00e9phonique avec la client\u00e8le et son suivi administratif.<\/p>\n\n\n\n<p><strong>Qu'attend-on de notre nouveau coll\u00e8gue ?<\/strong><\/p>\n\n\n\n<ul class=\"wp-block-list\">\n<li>Vous \u00eates le premier point de contact pour toutes sortes de demandes t\u00e9l\u00e9phoniques (rapports de panne, questions sur la facturation, questions g\u00e9n\u00e9rales sur d'autres services). Vous vous adressez toujours de mani\u00e8re professionnelle aux clients et aux fournisseurs et vous transmettez les demandes aux services internes appropri\u00e9s.<\/li>\n\n\n\n<li>Votre r\u00f4le administratif consiste \u00e0 assurer un excellent suivi administratif des interventions effectu\u00e9es.<\/li>\n<\/ul>\n\n\n\n<p><strong>Cela signifie concr\u00e8tement ;<\/strong><\/p>\n\n\n\n<ul class=\"wp-block-list\">\n<li>V\u00e9rifier et compl\u00e9ter les ordres de travail<ul><li>Relier correctement les bons de travail aux travaux r\u00e9alis\u00e9s<\/li><\/ul><ul><li>Maintenir une vue d'ensemble et informer \u00e0 la fois le client et les techniciens<\/li><\/ul>\n<ul class=\"wp-block-list\">\n<li>Cr\u00e9ation d'ordres de suivi<\/li>\n<\/ul>\n<\/li>\n\n\n\n<li>Vous avez \u00e9galement le sens des chiffres et de la pr\u00e9cision pour la facturation des ordres de travail.<\/li>\n\n\n\n<li>Vous formerez un tandem solide avec vos coll\u00e8gues imm\u00e9diats sur l'\u00eele et les planificateurs.<\/li>\n\n\n\n<li>Vous travaillerez dans un d\u00e9partement de service : cela signifie que vous serez le contact t\u00e9l\u00e9phonique de nos clients, tant en n\u00e9erlandais qu'en fran\u00e7ais, et que vous tenterez, en collaboration avec d'autres coll\u00e8gues, de les aider le plus possible.<\/li>\n<\/ul>\n\n\n\n<h2 class=\"wp-block-heading\"><strong>Profil<\/strong><\/h2>\n\n\n\n<ul class=\"wp-block-list\">\n<li>Vous aimez les contacts t\u00e9l\u00e9phoniques et avez de solides comp\u00e9tences en mati\u00e8re de communication.<\/li>\n\n\n\n<li>Vous pouvez vous adresser \u00e0 nos clients avec un flair commercial.<\/li>\n\n\n\n<li>Tous les ordres de travail ne vous parviennent pas pr\u00eats \u00e0 l'emploi. Gr\u00e2ce \u00e0 votre int\u00e9r\u00eat pour la technologie et \u00e0 votre style de communication fluide, vous \u00eates en mesure de rassembler toutes les informations.<\/li>\n\n\n\n<li>Vous \u00eates un lien important entre l'ex\u00e9cution et la facturation correcte au client.<\/li>\n\n\n\n<li>Votre attitude est toujours professionnelle et orient\u00e9e vers la recherche de solutions.<\/li>\n\n\n\n<li>Vous avez l'esprit d'\u00e9quipe et aimez aider vos coll\u00e8gues.<\/li>\n\n\n\n<li>Pour faciliter les contacts avec nos clients et nos coll\u00e8gues, une tr\u00e8s bonne connaissance du n\u00e9erlandais et du fran\u00e7ais est indispensable.<\/li>\n<\/ul>\n\n\n\n<h2 class=\"wp-block-heading\"><strong>Offre<\/strong><\/h2>\n\n\n\n<ul class=\"wp-block-list\">\n<li>Des coll\u00e8gues exp\u00e9riment\u00e9s et sympas dans tout le groupe Bumaco.<\/li>\n\n\n\n<li>S\u00e9curit\u00e9 de l'emploi dans une entreprise en pleine croissance, tout en conservant une atmosph\u00e8re familiale au sein de chaque d\u00e9partement.<\/li>\n\n\n\n<li>Un salaire attractif compl\u00e9t\u00e9 par des avantages tels que des ch\u00e8ques-repas et une assurance hospitalisation.<\/li>\n\n\n\n<li>Formation en cours d'emploi par des coll\u00e8gues exp\u00e9riment\u00e9s.<\/li>\n\n\n\n<li>Des activit\u00e9s d'\u00e9quipe r\u00e9guli\u00e8res et un d\u00e9jeuner commun sont pr\u00e9vus.<\/li>\n<\/ul>","protected":false},"featured_media":7855,"template":"","bedrijfsnaam":[76],"type-contract":[],"provincie":[40],"segmentering":[47],"type-vacature":[28],"class_list":["post-7962","job","type-job","status-publish","has-post-thumbnail","hentry","bedrijfsnaam-bumaco","provincie-vlaams-brabant","segmentering-administratie-en-planning","type-vacature-bumaco"],"_links":{"self":[{"href":"https:\/\/www.bumacogroup.be\/fr\/wp-json\/wp\/v2\/job\/7962","targetHints":{"allow":["GET"]}}],"collection":[{"href":"https:\/\/www.bumacogroup.be\/fr\/wp-json\/wp\/v2\/job"}],"about":[{"href":"https:\/\/www.bumacogroup.be\/fr\/wp-json\/wp\/v2\/types\/job"}],"wp:featuredmedia":[{"embeddable":true,"href":"https:\/\/www.bumacogroup.be\/fr\/wp-json\/wp\/v2\/media\/7855"}],"wp:attachment":[{"href":"https:\/\/www.bumacogroup.be\/fr\/wp-json\/wp\/v2\/media?parent=7962"}],"wp:term":[{"taxonomy":"bedrijfsnaam","embeddable":true,"href":"https:\/\/www.bumacogroup.be\/fr\/wp-json\/wp\/v2\/bedrijfsnaam?post=7962"},{"taxonomy":"type-contract","embeddable":true,"href":"https:\/\/www.bumacogroup.be\/fr\/wp-json\/wp\/v2\/type-contract?post=7962"},{"taxonomy":"provincie","embeddable":true,"href":"https:\/\/www.bumacogroup.be\/fr\/wp-json\/wp\/v2\/provincie?post=7962"},{"taxonomy":"segmentering","embeddable":true,"href":"https:\/\/www.bumacogroup.be\/fr\/wp-json\/wp\/v2\/segmentering?post=7962"},{"taxonomy":"type-vacature","embeddable":true,"href":"https:\/\/www.bumacogroup.be\/fr\/wp-json\/wp\/v2\/type-vacature?post=7962"}],"curies":[{"name":"wp","href":"https:\/\/api.w.org\/{rel}","templated":true}]}}