{"id":7836,"date":"2026-03-11T15:34:47","date_gmt":"2026-03-11T14:34:47","guid":{"rendered":"https:\/\/www.bumacogroup.be\/?post_type=job&#038;p=7836"},"modified":"2026-03-11T15:41:02","modified_gmt":"2026-03-11T14:41:02","slug":"assistant-financier","status":"publish","type":"job","link":"https:\/\/www.bumacogroup.be\/fr\/job\/medewerker-finance\/","title":{"rendered":"Employ\u00e9 des finances"},"content":{"rendered":"<p>Pour le d\u00e9partement financier de notre groupe d'entreprises, nous recherchons un nouveau coll\u00e8gue ayant une formation en comptabilit\u00e9.<\/p>\n\n\n\n<h2 class=\"wp-block-heading\"><strong>Que ferez-vous ?<\/strong><\/h2>\n\n\n\n<ul class=\"wp-block-list\">\n<li>Pr\u00e9paration mensuelle des factures pour diverses entreprises<\/li>\n\n\n\n<li>Saisie des proformas et des factures dans les diff\u00e9rentes plateformes clients<\/li>\n\n\n\n<li>T\u00e9l\u00e9phonie - les clients et les fournisseurs savent comment nous joindre facilement pour poser des questions<\/li>\n\n\n\n<li>Communication avec notre cabinet comptable externe<\/li>\n\n\n\n<li>Suivi de la facturation des autres branches<\/li>\n\n\n\n<li>Administration g\u00e9n\u00e9rale des clients et des fournisseurs<\/li>\n\n\n\n<li>Contribuer \u00e0 la r\u00e9flexion sur l'optimisation de nos processus<\/li>\n\n\n\n<li>Soutenir et appuyer les t\u00e2ches de notre responsable financier.<\/li>\n<\/ul>\n\n\n\n<h2 class=\"wp-block-heading\"><strong>\u00c0 quoi ressemble ton profil ?<\/strong><\/h2>\n\n\n\n<ul class=\"wp-block-list\">\n<li>Vous disposez d'une formation financi\u00e8re (bachelier en comptabilit\u00e9 et fiscalit\u00e9) et\/ou d'une exp\u00e9rience. Par cons\u00e9quent, vous avez une bonne connaissance de la gestion d'entreprise, de la comptabilit\u00e9, du calcul des co\u00fbts, de l'interpr\u00e9tation des bilans et des r\u00e9sultats.<\/li>\n\n\n\n<li>Vous avez le sens du d\u00e9tail et vous travaillez toujours avec pr\u00e9cision.<\/li>\n\n\n\n<li>Une exp\u00e9rience avec diff\u00e9rents syst\u00e8mes tels que ExpertM, Billit, Plenion est un plus.<\/li>\n\n\n\n<li>Une exp\u00e9rience pr\u00e9alable dans une entreprise d'installation ou dans un secteur li\u00e9 \u00e0 la construction est souhaitable. Cela vous permettra d'\u00eatre au courant des r\u00e9glementations en mati\u00e8re de TVA dans notre secteur.<\/li>\n\n\n\n<li>Vous \u00eates avide d'apprendre et d\u00e9termin\u00e9 \u00e0 trouver la bonne solution.<\/li>\n\n\n\n<li>Vous avez l'esprit d'\u00e9quipe et aimez aider vos coll\u00e8gues.<\/li>\n\n\n\n<li>Vous \u00eates disponible rapidement et souhaitez vous engager dans un poste \u00e0 temps plein. \u00a0<\/li>\n\n\n\n<li>Vous pouvez communiquer couramment avec diff\u00e9rentes parties (clients, fournisseurs, coll\u00e8gues en interne).<\/li>\n\n\n\n<li>Vous tirez une grande satisfaction d'un suivi rigoureux et d'une communication professionnelle.<\/li>\n<\/ul>\n\n\n\n<h2 class=\"wp-block-heading\"><strong>Que vous offrons-nous ?<\/strong><\/h2>\n\n\n\n<ul class=\"wp-block-list\">\n<li>Un poste stimulant au sein d'un groupe d'installation en pleine croissance<\/li>\n\n\n\n<li>Une \u00e9quipe enthousiaste et d\u00e9vou\u00e9e<\/li>\n\n\n\n<li>Un contrat \u00e0 dur\u00e9e ind\u00e9termin\u00e9e \u00e0 temps plein avec des heures glissantes dans un syst\u00e8me de 39 heures.<\/li>\n\n\n\n<li>Un salaire attractif, compl\u00e9t\u00e9 par des avantages extral\u00e9gaux tels que des ch\u00e8ques-repas et une assurance hospitalisation.<\/li>\n\n\n\n<li>Cong\u00e9 librement choisi (pas de cong\u00e9 de construction)<\/li>\n\n\n\n<li>Activit\u00e9s visant \u00e0 instaurer une collaboration \u00e9troite entre toutes les \u00e9quipes<\/li>\n<\/ul>","protected":false},"featured_media":7840,"template":"","bedrijfsnaam":[82],"type-contract":[],"provincie":[40],"segmentering":[83],"type-vacature":[23],"class_list":["post-7836","job","type-job","status-publish","has-post-thumbnail","hentry","bedrijfsnaam-bumaco-group","provincie-vlaams-brabant","segmentering-shared-services","type-vacature-bumaco-group"],"_links":{"self":[{"href":"https:\/\/www.bumacogroup.be\/fr\/wp-json\/wp\/v2\/job\/7836","targetHints":{"allow":["GET"]}}],"collection":[{"href":"https:\/\/www.bumacogroup.be\/fr\/wp-json\/wp\/v2\/job"}],"about":[{"href":"https:\/\/www.bumacogroup.be\/fr\/wp-json\/wp\/v2\/types\/job"}],"wp:featuredmedia":[{"embeddable":true,"href":"https:\/\/www.bumacogroup.be\/fr\/wp-json\/wp\/v2\/media\/7840"}],"wp:attachment":[{"href":"https:\/\/www.bumacogroup.be\/fr\/wp-json\/wp\/v2\/media?parent=7836"}],"wp:term":[{"taxonomy":"bedrijfsnaam","embeddable":true,"href":"https:\/\/www.bumacogroup.be\/fr\/wp-json\/wp\/v2\/bedrijfsnaam?post=7836"},{"taxonomy":"type-contract","embeddable":true,"href":"https:\/\/www.bumacogroup.be\/fr\/wp-json\/wp\/v2\/type-contract?post=7836"},{"taxonomy":"provincie","embeddable":true,"href":"https:\/\/www.bumacogroup.be\/fr\/wp-json\/wp\/v2\/provincie?post=7836"},{"taxonomy":"segmentering","embeddable":true,"href":"https:\/\/www.bumacogroup.be\/fr\/wp-json\/wp\/v2\/segmentering?post=7836"},{"taxonomy":"type-vacature","embeddable":true,"href":"https:\/\/www.bumacogroup.be\/fr\/wp-json\/wp\/v2\/type-vacature?post=7836"}],"curies":[{"name":"wp","href":"https:\/\/api.w.org\/{rel}","templated":true}]}}